{"id":70,"date":"2019-03-27T11:04:12","date_gmt":"2019-03-27T10:04:12","guid":{"rendered":"http:\/\/stowarzyszenie-matecznik.pl\/?page_id=70"},"modified":"2019-03-27T11:37:23","modified_gmt":"2019-03-27T10:37:23","slug":"polityka-prywatnosci","status":"publish","type":"page","link":"https:\/\/stowarzyszenie-matecznik.pl\/index.php\/polityka-prywatnosci\/","title":{"rendered":"Polityka prywatno\u015bci"},"content":{"rendered":"\n<h4 class=\"wp-block-heading\">1. Kim jeste\u015bmy, na jakiej podstawie i jak d\u0142ugo przetwarzamy Twoje dane osobowe?<\/h4>\n\n\n\n<p>Stowarzytszenie Na Rzecz Wspierania Bior\u00f3\u017cnorodno\u015bci \u201eMATECZNIK\u201dz siedzib\u0105 w Szczecinku (78-400) ul.Warcis\u0142awa IV 54A, wpisane pod numerem REGON:  321286769 oraz posiadaj\u0105ce numer identyfikacji podatkowej NIP:  6731896178 , wpisane do KRS pod numerem 0000435556; jest administratorem danych osobowych. Co to oznacza? Oznacza, \u017ce Stowarzyszenie decydowa\u0107 b\u0119dzie o celach i sposobach przetwarzania danych osobowych, kt\u00f3re zbiera, przechowuje, przesy\u0142a, itp. w zwi\u0105zku z prowadzon\u0105 przez siebie dzia\u0142alno\u015bci\u0105 statutow\u0105.<\/p>\n\n\n\n<p>Twoje dane b\u0119d\u0105 przetwarzane w zwi\u0105zku z:<\/p>\n\n\n\n<ul class=\"wp-block-list\"><li>Realizacj\u0105 praw i obowi\u0105zk\u00f3w wynikaj\u0105cych ze Statutu Stowarzyszenia Na Rzecz Wspierania Bior\u00f3\u017cnorodno\u015bci MATECZNIK, kt\u00f3ry dost\u0119pny jest <a href=\"http:\/\/stowarzyszenie-matecznik.pl\/index.php\/statut\/\">tutaj<\/a><\/li><li>Zawartymi umowami lub dzia\u0142aniami prowadz\u0105cymi do ich zawarcia \u2013 pomi\u0119dzy Tob\u0105, a nami. Takie przetwarzanie odbywa\u0107 si\u0119 b\u0119dzie na podstawie <strong>art. 6 ust. 1 lit. b<\/strong> Rozporz\u0105dzenia Parlamentu Europejskiego i Rady (UE) 2016\/679 z dnia 27 kwietnia 2016 roku w sprawie ochrony os\u00f3b fizycznych w zwi\u0105zku z przetwarzaniem danych osobowych i w sprawie swobodnego przep\u0142ywu takich danych oraz uchylenia dyrektywy 95\/46\/WE (og\u00f3lne rozporz\u0105dzenie o ochronie danych) z dnia 27 kwietnia 2016 r. (Dz. Urz. UE L Nr 119, str. 1), dalej rozporz\u0105dzenie to b\u0119dziemy nazywa\u0107 <strong>RODO<\/strong>. Co to oznacza? Je\u017celi wy\u015blesz e-maila, wype\u0142nisz formularz kontaktowy, lub w inny sops\u00f3b przeka\u017cesz dane np. analogowo na kartce, tak\u0105 form\u0119 kontaktu b\u0119dziemy traktowa\u0107, jako dobrowolne dzia\u0142anie z Twojej strony zwi\u0105zane z ch\u0119ci\u0105 nawi\u0105zania wsp\u00f3\u0142pracy.<\/li><li><strong>Art. 6 ust. 1 lit. c RODO<\/strong> czyli Twoje dane b\u0119dziemy przetwarza\u0107 ze wzgl\u0119du na ci\u0105\u017c\u0105ce na nas obowi\u0105zki wynikaj\u0105ce z obowi\u0105zuj\u0105cych przepis\u00f3w prawa. Co to oznacza? Je\u017celi nawi\u0105zali\u015bmy umow\u0119 wsp\u00f3\u0142pracy, zosta\u0142a wystawiona faktura VAT, oznacza to, \u017ce na podstawie np. przepis\u00f3w o podatku dochodowym, prowadzeniu ksi\u0105g rachunkowych, ustawy o podatku VAT b\u0119dziemy zobowi\u0105zany do archiwizowania dokument\u00f3w (np. faktury).<\/li><li><strong>Art. 6 ust. 1 lit. a RODO<\/strong> czyli b\u0119dziemy przetwarza\u0107 Twoje dane na podstawie Twojej dobrowolnej zgody. Kiedy i w jakim zakresie poprosimy Ci\u0119 o zgod\u0119? O zgod\u0119 poprosimy Ci\u0119 w przypadku, gdy b\u0119dziesz chcia\u0142a\/chcia\u0142 otrzymywa\u0107 informacje za pomoc\u0105 adresu e-mail. Poprosimy Ci\u0119 o wyra\u017canie zgody r\u00f3wnie\u017c na podstawie art. 172 prawa telekomunikacyjnego oraz na przesy\u0142anie informacji handlowych zgodnie z art. 10 ustawy o \u015bwiadczeniu us\u0142ug drog\u0105 elektroniczn\u0105. Je\u017celi si\u0119 nie zgodzisz, to nie b\u0119dziemy mogli wys\u0142a\u0107 do Ciebie informacji o RODO, naszych us\u0142ugach i projektach itp. Pami\u0119taj, \u017ce zgod\u0119 zawsze mo\u017cesz wycofa\u0107! Jak? Wystarczy, \u017ce w przes\u0142anej wiadomo\u015bci \u201eklikniesz\u201d wypisz si\u0119\/wypisz mnie lub gdy napiszesz do nas na adres e-mail: rodo@stowarzyszenie-matecznik.pl informacj\u0119, w kt\u00f3rej poinformujesz o wycofaniu swojej zgody na przesy\u0142anie newslettera i innych wiadomo\u015bci e-mail. Pami\u0119taj te\u017c, \u017ce wycofanie zgody nie\nwp\u0142ywa na zgodno\u015b\u0107 z prawem przetwarzania, kt\u00f3rego dokonano na podstawie zgody przed jej wycofaniem. Jak masz to rozumie\u0107? Je\u017celi wycofasz zgod\u0119 to nie mo\u017cesz mie\u0107 roszcze\u0144 zwi\u0105zanych z przesy\u0142aniem informacji (newsletter, e-mail) przed dniem wycofania zgody. Je\u017celi jest to dla Ciebie nadal niejasne, mo\u017cesz si\u0119 ze nami skontaktowa\u0107: <a href=\"http:\/\/stowarzyszenie-matecznik.pl\/index.php\/kontakt\/\">kontakt<\/a><\/li><li><strong>Art. 6 ust. 1 lit. f RODO<\/strong> czyli przetwarza\u0107 b\u0119dziemy Twoje dane na podstawie naszego prawnie uzasadnionego interesu. Jakiego i co to oznacza? Oznacza to, \u017ce np. w przypadku dochodzenia roszcze\u0144 b\u0119dziemy przetwarza\u0107 (czyli archiwizowa\u0107) dokumentacj\u0119 (zawieraj\u0105c\u0105 Twoje dane osobowe) d\u0142u\u017cej, ze wzgl\u0119du na tocz\u0105ce si\u0119 post\u0119powanie. Na tej samej podstawie prawnej mo\u017cemy udost\u0119pnia\u0107 Twoje dane innym podmiotom. Jakim? Przeczytaj poni\u017cej.<\/li><\/ul>\n\n\n\n<p>Jak d\u0142ugo b\u0119dziemy przetwarza\u0107 Twoje dane? Je\u017celi nawi\u0105zali\u015bmy wsp\u00f3\u0142prac\u0119, oznacza to, \u017ce musieli\u015bmy wystawi\u0107 faktur\u0119 VAT, zgodnie z powy\u017cej wskazanymi podstawami prawnymi (art. 6 ust. 1 lit. c RODO) Twoje dane b\u0119dziemy przetwarza\u0107 przez pi\u0119\u0107 lat. Je\u017celi jednak b\u0119dziemy mie\u0107 wzgl\u0119dem siebie roszczenia w\u00f3wczas okres ten b\u0119dzie odpowiednio wyd\u0142u\u017cony na podstawie obowi\u0105zuj\u0105cych przepis\u00f3w. Je\u017celi zapisa\u0142a\u015b\/zapisa\u0142e\u015b si\u0119 do newslettera, lub przyst\u0105pi\u0142e\u015b do jednego z prowadzonych praze Stowarzyszenie projekt\u00f3w (np Monitoring Wilka) w\u00f3wczas Twoje dane (adres e-mail, nr IP, podpis przegl\u0105darki pomocny przy wykrywaniu spamu itp.) b\u0119dziemy przetwarza\u0107 do chwili, kiedy nie wycofasz swojej zgody. A co w przypadku, gdy nie nawi\u0105zali\u015bmy wsp\u00f3\u0142pracy, a przesy\u0142ali\u015bmy do siebie wiadomo\u015bci e-mail zawieraj\u0105ce Twoje dane (np. imi\u0119, nazwisko, adres e-mail, nazw\u0119 stanowiska pracy z nazw\u0105 firmy, w kt\u00f3rej pracujesz)? W takiej sytuacji Twoje dane zostan\u0105 usuni\u0119te w terminie\ndo 3 miesi\u0119cy od dnia ostatniej przes\u0142anej wiadomo\u015bci.<\/p>\n\n\n\n<h4 class=\"wp-block-heading\">2. Kto b\u0119dzie mia\u0142 dost\u0119p do Twoich danych? Czy b\u0119d\u0105 one przesy\u0142ane poza Europejski Obszar Gospodarczy? Czy jestem profilowany?<\/h4>\n\n\n\n<p>Do Twoich danych osobowych mog\u0105 mie\u0107 dost\u0119p tylko i wy\u0142\u0105cznie osoby upowa\u017cnione przez nas, dzia\u0142aj\u0105ce na podstawie wydanego przeze nas polecenia. Zasada ta nie b\u0119dzie dotyczy\u0107, np. urz\u0119d\u00f3w, kt\u00f3re b\u0119d\u0105 kontrolowa\u0107 nasz\u0105 dzia\u0142alno\u015b\u0107, np. w toku kontroli skarbowej, w\u00f3wczas urz\u0105d sprawdzaj\u0105c np. faktury b\u0119dzie mie\u0107 dost\u0119p do Twoich danych. Kto zatem ma do nich dost\u0119p? Jakie s\u0105 to podmioty\/osoby?<\/p>\n\n\n\n<ul class=\"wp-block-list\"><li>Zapisuj\u0105c si\u0119 do projektu &#8222;Monitoring Wilk\u00f3w&#8221; dost\u0119p do Twoich danych b\u0119dzie mie\u0107 firma Systemy Informatyczne Krzesi\u0144ski.pl z siedzib\u0105 na ul. Armii Krajowej 3, 57-300 K\u0142odzko, na podstawie zawartej z nami umowy powierzenia.<\/li><li>Zapisuj\u0105c si\u0119 do projektu &#8222;Monitoring Wilk\u00f3w&#8221; dost\u0119p do Twoich danych b\u0119dzie mie\u0107 Instytut Ochrony Przyrody Polskiej Akademii Nauk z siedzib\u0105 na al. Adama Mickiewicza 33, 31-120 Krak\u00f3w, na podstawie zawartej z nami umowy powierzenia. Wi\u0119cej szczeg\u00f3\u0142\u00f3w w kwesti przetwarzania Twoich danych dowiesz si\u0119 od Inspektora Ochrony Danych, mgr Gabrieli Kozu\u0144, e-mail: iod@iop.krakow.pl telefon: 600 202 832<\/li><li>Zapisuj\u0105c si\u0119 do projektu &#8222;Monitoring Wilk\u00f3w&#8221; dost\u0119p do Twoich danych b\u0119dzie mie\u0107 instytucja lub organizacja za posrednictwem kt\u00f3rej zosta\u0142e\u015b wprowadzony do systemu, na podstawie zawartej z nami umowy powierzenia. Lista wszystkich intytucji bior\u0105cych udzia\u0142 w projekcie Monitoring Wilk\u00f3w jest dost\u0119pna na stronie projektu, dla zalogowanych u\u017cytkownik\u00f3w<\/li><li>Banki i ich partnerzy przy dokonywaniu zap\u0142aty za us\u0142ugi<\/li><li>Organy pa\u0144stwa, w zwi\u0105zku z realizacj\u0105 obowi\u0105zuj\u0105cych przepis\u00f3w (np. Urz\u0105d Skarbowy) lub w zwi\u0105zku z prowadzonym post\u0119powaniem<\/li><li>Podmiotom z kt\u00f3rym zawarli\u015bmy umowy powierzenia przetwarzania danych osobowych (tj. na podstawie art. 28 RODO), takie jak: podmioty \u015bwiadcz\u0105ce nam us\u0142ugi informatyczne, us\u0142ugi hostingowe, kurierzy, firmy konsultingowe<\/li><li>Podmioty upowa\u017cnione na podstawie decyzji administracyjnych, orzecze\u0144 s\u0105dowych, tytu\u0142\u00f3w wykonawczych<\/li><\/ul>\n\n\n\n<p>Twoje dane osobowe nie s\u0105 przekazywane poza Europejski Obszar Gospodarczy (czyli do pa\u0144stw trzecich i organizacji mi\u0119dzynarodowych), s\u0105 przetwarzane w spos\u00f3b zautomatyzowany, ale przetwarzanie to nie wp\u0142ywa na podejmowanie decyzji, kt\u00f3re mog\u0142yby wp\u0142yn\u0105\u0107 negatywnie na Ciebie. Nie u\u017cywamy przy profilowaniu najnowszych technologii, kt\u00f3re zagra\u017ca\u0142yby Twoim prawom i wolno\u015bciom. Je\u017celi w przysz\u0142o\u015bci przetwarza\u0107 b\u0119dziemy Twoje dane osobowe poza obszarem EOG odbywa\u0107 si\u0119 to b\u0119dzie na podstawie zatwierdzonych przez Komisj\u0119 Europejsk\u0105 standardowych klauzul ochrony danych osobowych, o czym Ci\u0119 poinformujemy odpowiednio w kolejnej aktualizacji niniejszej Polityki prywatno\u015bci.<\/p>\n\n\n\n<h4 class=\"wp-block-heading\">3. Czy musz\u0119 podawa\u0107 swoje dane osobowe?<\/h4>\n\n\n\n<p>Je\u017celi mamy nawi\u0105za\u0107 wsp\u00f3\u0142prac\u0119, w\u00f3wczas musisz poda\u0107 swoje dane osobowe w celu wprowadzenia do systemu informatycznego prowadzonych przez nas projekt\u00f3w lub wystawienia faktury VAT (dotyczy to przede wszystkich os\u00f3b fizycznych prowadz\u0105cych dzia\u0142alno\u015b\u0107 gospodarcz\u0105, bowiem osoby te podlegaj\u0105 przepisom o ochronie danych osobowych, czyli RODO) Je\u017celi chcesz otrzymywa\u0107 lub wys\u0142a\u0107 do nas wiadomo\u015b\u0107 poprzez formularz kontaktowy lub e-mail, r\u00f3wnie\u017c musisz poda\u0107 nam sw\u00f3j adres e-mail. Nie maj\u0105c tych danych nie b\u0119dziemy mogli wys\u0142a\u0107 do Ciebie wiadomo\u015bci, czy podpisa\u0107 umowy, nie b\u0119dziesz te\u017c m\u00f3g\u0142 odzyska\u0107 utraconych has\u0142e w systemach informatycznych prowadzonych przez nas projekt\u00f3w (np &#8222;Monitoring Wilk\u00f3w&#8221;). Pami\u0119taj, zawsze gdy Ci\u0119 poprosimy o Twoje dane, oznacza\u0107 to b\u0119dzie, \u017ce ich potrzebujemy (w tym zakresie jest to konieczne). Nie poprosimy o podanie szerszego zakresu Twoich danych, ni\u017c ten, kt\u00f3ry jest nam niezb\u0119dny do realizacji celu.\nJe\u017celi nie podasz swoich danych, np. w celu podpisania umowy, w\u00f3wczas nie b\u0119dziemy mogli jej podpisa\u0107, je\u017celi nie podasz adresu e-mail, w\u00f3wczas nie b\u0119dziemy mogli go do Ciebie wys\u0142a\u0107 itd.<\/p>\n\n\n\n<h4 class=\"wp-block-heading\">4. Jakie mam prawa wynikaj\u0105ce z RODO dotycz\u0105ce moich danych?<\/h4>\n\n\n\n<ul class=\"wp-block-list\"><li>dost\u0119pu do tre\u015bci swoich danych oraz ich sprostowania, a tak\u017ce, z zastrze\u017ceniem wy\u0142\u0105cze\u0144 i warunk\u00f3w wskazanych w artyku\u0142ach 17 \u2013 21 RODO,<\/li><li>usuni\u0119cia danych (\u201ebycia zapomnianym\u201d) (art. 17 RODO)<\/li><li>ograniczenia przetwarzania (art. 18 RODO)<\/li><li>informacji o sprostowaniu, usuni\u0119ciu lub ograniczeniu przetwarzania danych osobowych (art. 19 RODO),<\/li><li>przenoszenia danych (art. 20 RODO)<\/li><li>wniesienia sprzeciwu wobec przetwarzania (art. 21 RODO)<\/li><li>w przypadku przetwarzania danych osobowych na podstawie art. 6 ust. 1 lit. a) RODO, czyli zgody na przetwarzanie danych osobowych, przys\u0142uguje Ci prawo do cofni\u0119cia tej zgody w dowolnym momencie. Powy\u017csze nie wp\u0142ywa na fakt przetwarzania danych osobowych dokonanych zgodnie z prawem przed cofni\u0119ciem zgody. By wycofa\u0107 zgod\u0119 napisz prosz\u0119 e-maila: <a href=\"mailto:rodo@stowarzyszenie-matecznik.pl\">rodo@stowarzyszenie-matecznik.pl<\/a><\/li><li>w przypadku powzi\u0119cia informacji o niezgodnym z prawem przetwarzaniu danych osobowych przys\u0142uguje Ci prawo wniesienia skargi do Organu Nadzorczego, na adres: Biuro Prezesa Urz\u0119du Ochrony \/ Danych Osobowych, 00-193 Warszawa, ul. Stawki 2; tel.: 22-860 70 86<\/li><\/ul>\n\n\n\n<h4 class=\"wp-block-heading\">5. Nie wszystko jest dla mnie jasne i zrozumia\u0142e. Co mam zrobi\u0107?<\/h4>\n\n\n\n<p>Je\u017celi masz jeszcze jakie\u015b w\u0105tpliwo\u015bci dotycz\u0105ce przetwarzania Twoich danych napisz e-maila: <a href=\"mailto:rodo@stowarzyszenie-matecznik.pl\">rodo@stowarzyszenie-matecznik.pl<\/a> Postaramy si\u0119 odpowiedzie\u0107 na Twoje pytania.<\/p>\n\n\n\n<h4 class=\"wp-block-heading\">6. Czy co\u015b jeszcze musz\u0119 wiedzie\u0107 na temat moich danych osobowych przetwarzanych przez Stowarzyszenie na Rzecz Wspierania Bior\u00f3\u017cnorodno\u015bci MATECZNIK ?<\/h4>\n\n\n\n<p>Oczywi\u015bcie! Zapoznaj si\u0119 z polityk\u0105 tzw. ciasteczek \u2013 czyli plik\u00f3w cookies (poni\u017cej). Dodatkowo pami\u0119taj, \u017ce polityka mo\u017ce si\u0119 zmienia\u0107 ze wzgl\u0119du, np. na nowych odbiorc\u00f3w danych, zmiany w przepisach, itp. Zach\u0119camy do jej \u015bledzenia.<\/p>\n\n\n\n<p>Dok\u0142adamy wszelkich stara\u0144, by Twoje dane by\u0142y bezpieczne, systematycznie analizuj\u0119 mo\u017cliwe zagro\u017cenia, kt\u00f3re mog\u0142yby wp\u0142yn\u0105\u0107 na ich bezpiecze\u0144stwo, stosuj\u0105c cz\u0119\u015b\u0107 zabezpiecze\u0144 o kt\u00f3rych mowa w art. 32 RODO. Zawsze prosimy o podanie tylko tych danych, kt\u00f3re s\u0105 niezb\u0119dne do realizacji us\u0142ug, nie zale\u017cy nam na posiadaniu szerszych informacji na Tw\u00f3j temat, ni\u017c jest to konieczne do zawarcia umowy. Stosujemy zasad\u0119, w my\u015bl kt\u00f3rej <strong>\u201eChronimy Twoje dane, tak jak chcieliby\u015bmy by\u015b Ty chroni\u0142\/chroni\u0142a nasze\u201d.<\/strong><\/p>\n\n\n\n<h4 class=\"wp-block-heading\">7. Pliki cookies<\/h4>\n\n\n\n<p><strong>Co to s\u0105 pliki cookies? Dlaczego te informacje s\u0105 dla mnie wa\u017cne?<\/strong><\/p>\n\n\n\n<p>Pliki cookies s\u0105 to niewielkie pliki tekstowe z informacjami zapisywanymi na komputerze lub urz\u0105dzeniu mobilnym u\u017cytkownika podczas wy\u015bwietlania przez niego strony www. Strona internetowa zbiera w spos\u00f3b automatyczny wy\u0142\u0105cznie informacje zawarte w plikach cookies (\u201eciasteczkach\u201d). Z ka\u017cdym klikni\u0119ciem przez u\u017cytkownika na link na stronie plik cookie odsy\u0142any jest na serwer. W trakcie tego klikni\u0119cia mo\u017cliwe jest odczytanie informacji zawartych w pliku cookie przez mechanizmy serwera. Pliki cookies s\u0105 wykorzystywane w celu dostosowania zawarto\u015bci strony internetowej do preferencji U\u017cytkownika. Pliki cookies zawieraj\u0105 informacje statystyczne (np. liczba wizyt u\u017cytkownika na stronie) i <strong>nie pozwalaj\u0105 na identyfikacj\u0119 U\u017cytkownika<\/strong> \u2013 maj\u0105 charakter w pe\u0142ni anonimowy i nie pozwalaj\u0105 na zbieranie danych osobowych i poufnych informacji z urz\u0105dzenia u\u017cytkownika.\nJe\u015bli zostawisz na naszej witrynie komentarz, b\u0119dziesz m\u00f3g\u0142 wybra\u0107 opcj\u0119 zapisu twojej nazwy, adresu email i adresu strony internetowej w ciasteczkach, dzi\u0119ki kt\u00f3rym podczas pisania kolejnych komentarzy powy\u017csze informacje b\u0119d\u0105 ju\u017c dogodnie uzupe\u0142nione. Te ciasteczka wygasaj\u0105 po roku.<br> Je\u015bli masz konto i zalogujesz si\u0119 na tej witrynie, utworzymy tymczasowe ciasteczko na potrzeby sprawdzenia czy twoja przegl\u0105darka akceptuje ciasteczka. To ciasteczko nie zawiera \u017cadnych danych osobistych i zostanie wyrzucone kiedy zamkniesz przegl\u0105dark\u0119.<br> Podczas logowania tworzymy dodatkowo kilka ciasteczek potrzebnych do zapisu twoich informacji logowania oraz wybranych opcji ekranu. Ciasteczka logowania wygasaj\u0105 po dw\u00f3ch dniach, a opcji ekranu po roku. Je\u015bli zaznaczysz opcj\u0119 \u201ePami\u0119taj mnie\u201d, logowanie wyga\u015bnie po dw\u00f3ch tygodniach. Je\u015bli wylogujesz si\u0119 ze swojego konta, ciasteczka logowania zostan\u0105 usuni\u0119te.<br>\nJe\u015bli zmodyfikujesz albo opublikujesz artyku\u0142, w twojej przegl\u0105darce zostanie zapisane dodatkowe ciasteczko. To ciasteczko nie zawiera \u017cadnych danych osobistych, wskazuj\u0105c po prostu na identyfikator przed chwil\u0105 edytowanego artyku\u0142u. Wygasa ono po 1 dniu.<\/p>\n\n\n\n<p><strong>Czy mog\u0119 usun\u0105\u0107 te pliki z mojego urz\u0105dzenia?<\/strong><\/p>\n\n\n\n<p>Przegl\u0105darka internetowa automatycznie usuwa pliki cookies, dla kt\u00f3rych up\u0142yn\u0105\u0142 termin wa\u017cno\u015bci. Mo\u017cesz r\u00f3wnie\u017c samodzielnie usun\u0105\u0107 pliki cookies w dowolnym momencie. Jak? Je\u017celi chcesz zmieni\u0107 ustawienia przegl\u0105darki w zakresie plik\u00f3w cookies, skorzystaj z poni\u017cszych instrukcji:<\/p>\n\n\n\n<ul class=\"wp-block-list\"><li><a href=\"http:\/\/help.opera.com\/Windows\/12.10\/pl\/cookies.html\">w przegl\u0105darce Opera<\/a><\/li><li><a href=\"http:\/\/support.mozilla.org\/pl\/kb\/W%C5%82%C4%85czanie%20i%20wy%C5%82%C4%85czanie%20obs%C5%82ugi%20ciasteczek\">W przegladarce Firefox<\/a><\/li><li><a href=\"http:\/\/support.google.com\/chrome\/bin\/answer.py?hl=pl&amp;answer=95647\">w przegl\u0105darce Chrome<\/a><\/li><li><a href=\"http:\/\/windows.microsoft.com\/pl-pl\/windows7\/block-enable-or-allow-cookies\">w przegl\u0105darce Internet Explorer<\/a><\/li><li><a href=\"http:\/\/support.apple.com\/kb\/PH5042\">w przegl\u0105darce Safarii<\/a><\/li><\/ul>\n\n\n\n<p>Powy\u017csze typy przegl\u0105darek zosta\u0142y wskazane przyk\u0142adowo. Z uwagi na du\u017c\u0105 r\u00f3\u017cnorodno\u015b\u0107 stosowanych przegl\u0105darek, mog\u0105 wyst\u0119powa\u0107 pewne r\u00f3\u017cnice w sposobie takiego ich ustawienia, kt\u00f3ry uniemo\u017cliwia\u0142yby instalowanie plik\u00f3w cookies. Zwykle informacje odno\u015bnie do plik\u00f3w cookies mo\u017cna znale\u017a\u0107 w menu \u201eNarz\u0119dzia\u201d lub \u201eOpcje\u201d. Bardziej szczeg\u00f3\u0142owe informacje w tym zakresie mo\u017cna najcz\u0119\u015bciej znale\u017a\u0107 na stronie producenta danej przegl\u0105darki. Pami\u0119taj, \u017ce pliki sesyjne usuwane s\u0105 po zamkni\u0119ciu przegl\u0105darki internetowej. Mo\u017cesz w opcjach przegl\u0105darki zablokowa\u0107 przyjmowanie plik\u00f3w cookies ze strony www. Stosowanie ogranicze\u0144 takich jak zablokowanie plik\u00f3w cookies mo\u017ce jednak doprowadzi\u0107 do nieprawid\u0142owego funkcjonowania strony WWW<\/p>\n\n\n\n<p>Je\u015bli korzystasz z urz\u0105dzenia przeno\u015bnego (telefon, smartfon, tablet), zapoznaj si\u0119 z opcjami dotycz\u0105cymi ochrony prywatno\u015bci w dokumentacji na stronie internetowej producenta Twojego urz\u0105dzenia.<\/p>\n\n\n\n<p><strong>Jakie s\u0105 to pliki?<\/strong><\/p>\n\n\n\n<ul class=\"wp-block-list\"><li>Cookies sesji \u2013 s\u0105 one niezb\u0119dne do utrzymania w\u0142a\u015bciwej wymiany informacji pomi\u0119dzy serwerem i przegl\u0105dark\u0105, a tym samym \u2013 do mo\u017cliwo\u015bci poprawnego wy\u015bwietlenia zawarto\u015bci odwiedzanej strony i korzystania z zawartych w niej funkcjonalno\u015bci. Maj\u0105 one na celu identyfikacj\u0119 danej sesji (czyli dialogu pomi\u0119dzy przegl\u0105dark\u0105 a serwerem) oraz U\u017cytkownik\u00f3w komunikuj\u0105cych si\u0119 z serwerem w tym samym czasie<\/li><\/ul>\n\n\n\n<p>W przypadku jakichkolwiek pyta\u0144 zwi\u0105zanych z przetwarzaniem Pa\u0144stwa danych osobowych zapraszamy do kontaktu: <a href=\"mailto:rodo@stowarzyszenie-matecznik.pl\">rodo@stowarzyszenie-matecznik.pl<\/a><\/p>\n\n\n\n<p><strong>Aktualizacja: 26 marca 2019 roku <\/strong><br><br> <strong>Stowarzyszenie na Rzecz Wspierania Bior\u00f3znorodno\u015bci MATECZNIK<\/strong><\/p>\n","protected":false},"excerpt":{"rendered":"<p>1. Kim jeste\u015bmy, na jakiej podstawie i jak d\u0142ugo przetwarzamy Twoje dane osobowe? Stowarzytszenie Na Rzecz Wspierania Bior\u00f3\u017cnorodno\u015bci \u201eMATECZNIK\u201dz siedzib\u0105 w Szczecinku (78-400) ul.Warcis\u0142awa IV 54A, wpisane pod numerem REGON: 321286769 oraz posiadaj\u0105ce numer identyfikacji podatkowej NIP: 6731896178 , wpisane do KRS pod numerem 0000435556; jest administratorem danych osobowych. Co to oznacza? Oznacza, \u017ce Stowarzyszenie &#8230;<a href=\"https:\/\/stowarzyszenie-matecznik.pl\/index.php\/polityka-prywatnosci\/\" title=\"Read in detail: Polityka prywatno\u015bci\" rel=\"bookmark\" class=\"read-more\">read in detail<i class=\"fa fa-long-arrow-right\"><\/i><\/a><\/p>\n","protected":false},"author":1,"featured_media":0,"parent":0,"menu_order":0,"comment_status":"closed","ping_status":"closed","template":"","meta":{"footnotes":""},"class_list":["post-70","page","type-page","status-publish","hentry"],"_links":{"self":[{"href":"https:\/\/stowarzyszenie-matecznik.pl\/index.php\/wp-json\/wp\/v2\/pages\/70","targetHints":{"allow":["GET"]}}],"collection":[{"href":"https:\/\/stowarzyszenie-matecznik.pl\/index.php\/wp-json\/wp\/v2\/pages"}],"about":[{"href":"https:\/\/stowarzyszenie-matecznik.pl\/index.php\/wp-json\/wp\/v2\/types\/page"}],"author":[{"embeddable":true,"href":"https:\/\/stowarzyszenie-matecznik.pl\/index.php\/wp-json\/wp\/v2\/users\/1"}],"replies":[{"embeddable":true,"href":"https:\/\/stowarzyszenie-matecznik.pl\/index.php\/wp-json\/wp\/v2\/comments?post=70"}],"version-history":[{"count":2,"href":"https:\/\/stowarzyszenie-matecznik.pl\/index.php\/wp-json\/wp\/v2\/pages\/70\/revisions"}],"predecessor-version":[{"id":74,"href":"https:\/\/stowarzyszenie-matecznik.pl\/index.php\/wp-json\/wp\/v2\/pages\/70\/revisions\/74"}],"wp:attachment":[{"href":"https:\/\/stowarzyszenie-matecznik.pl\/index.php\/wp-json\/wp\/v2\/media?parent=70"}],"curies":[{"name":"wp","href":"https:\/\/api.w.org\/{rel}","templated":true}]}}